{"id":9,"date":"2024-07-03T20:52:24","date_gmt":"2024-07-03T20:52:24","guid":{"rendered":"https:\/\/urbandnagroup.com\/prensa\/?page_id=9"},"modified":"2024-08-16T15:53:18","modified_gmt":"2024-08-16T15:53:18","slug":"prensa","status":"publish","type":"page","link":"https:\/\/urbandnagroup.com\/prensa\/","title":{"rendered":"Prensa"},"content":{"rendered":"\t\t<div data-elementor-type=\"wp-page\" data-elementor-id=\"9\" class=\"elementor elementor-9\" data-elementor-post-type=\"page\">\n\t\t\t\t<div class=\"elementor-element elementor-element-74a4277 e-con-full e-flex e-con e-parent\" data-id=\"74a4277\" data-element_type=\"container\" data-settings=\"{&quot;background_background&quot;:&quot;classic&quot;,&quot;background_motion_fx_motion_fx_scrolling&quot;:&quot;yes&quot;,&quot;background_motion_fx_scale_effect&quot;:&quot;yes&quot;,&quot;background_motion_fx_scale_range&quot;:{&quot;unit&quot;:&quot;%&quot;,&quot;size&quot;:&quot;&quot;,&quot;sizes&quot;:{&quot;start&quot;:9,&quot;end&quot;:65}},&quot;background_motion_fx_scale_speed&quot;:{&quot;unit&quot;:&quot;px&quot;,&quot;size&quot;:5,&quot;sizes&quot;:[]},&quot;background_motion_fx_scale_direction&quot;:&quot;out-in&quot;,&quot;background_motion_fx_devices&quot;:[&quot;desktop&quot;,&quot;tablet&quot;,&quot;mobile&quot;]}\">\n\t\t\t\t<div class=\"elementor-element elementor-element-8624811 elementor-widget elementor-widget-heading\" data-id=\"8624811\" data-element_type=\"widget\" data-widget_type=\"heading.default\">\n\t\t\t\t<div class=\"elementor-widget-container\">\n\t\t\t<h1 class=\"elementor-heading-title elementor-size-default\">PRENSA<\/h1>\t\t<\/div>\n\t\t\t\t<\/div>\n\t\t\t\t<div class=\"elementor-element elementor-element-23c3f6a elementor-view-default elementor-widget elementor-widget-icon\" data-id=\"23c3f6a\" data-element_type=\"widget\" data-widget_type=\"icon.default\">\n\t\t\t\t<div class=\"elementor-widget-container\">\n\t\t\t\t\t<div class=\"elementor-icon-wrapper\">\n\t\t\t<div class=\"elementor-icon\">\n\t\t\t<svg aria-hidden=\"true\" class=\"e-font-icon-svg e-fas-pen-nib\" viewBox=\"0 0 512 512\" xmlns=\"http:\/\/www.w3.org\/2000\/svg\"><path d=\"M136.6 138.79a64.003 64.003 0 0 0-43.31 41.35L0 460l14.69 14.69L164.8 324.58c-2.99-6.26-4.8-13.18-4.8-20.58 0-26.51 21.49-48 48-48s48 21.49 48 48-21.49 48-48 48c-7.4 0-14.32-1.81-20.58-4.8L37.31 497.31 52 512l279.86-93.29a64.003 64.003 0 0 0 41.35-43.31L416 224 288 96l-151.4 42.79zm361.34-64.62l-60.11-60.11c-18.75-18.75-49.16-18.75-67.91 0l-56.55 56.55 128.02 128.02 56.55-56.55c18.75-18.75 18.75-49.15 0-67.91z\"><\/path><\/svg>\t\t\t<\/div>\n\t\t<\/div>\n\t\t\t\t<\/div>\n\t\t\t\t<\/div>\n\t\t\t\t<div class=\"elementor-element elementor-element-7470e7c e-transform elementor-widget-divider--view-line elementor-widget elementor-widget-divider\" data-id=\"7470e7c\" data-element_type=\"widget\" data-settings=\"{&quot;_transform_rotateZ_effect&quot;:{&quot;unit&quot;:&quot;px&quot;,&quot;size&quot;:90,&quot;sizes&quot;:[]},&quot;_transform_rotateZ_effect_tablet&quot;:{&quot;unit&quot;:&quot;deg&quot;,&quot;size&quot;:&quot;&quot;,&quot;sizes&quot;:[]},&quot;_transform_rotateZ_effect_mobile&quot;:{&quot;unit&quot;:&quot;deg&quot;,&quot;size&quot;:&quot;&quot;,&quot;sizes&quot;:[]}}\" data-widget_type=\"divider.default\">\n\t\t\t\t<div class=\"elementor-widget-container\">\n\t\t\t\t\t<div class=\"elementor-divider\">\n\t\t\t<span class=\"elementor-divider-separator\">\n\t\t\t\t\t\t<\/span>\n\t\t<\/div>\n\t\t\t\t<\/div>\n\t\t\t\t<\/div>\n\t\t\t\t<div class=\"elementor-element elementor-element-1b8be0f elementor-position-left elementor-vertical-align-middle elementor-view-default elementor-mobile-position-top elementor-widget elementor-widget-icon-box\" data-id=\"1b8be0f\" data-element_type=\"widget\" data-widget_type=\"icon-box.default\">\n\t\t\t\t<div class=\"elementor-widget-container\">\n\t\t\t\t\t<div class=\"elementor-icon-box-wrapper\">\n\n\t\t\t\t\t\t<div class=\"elementor-icon-box-icon\">\n\t\t\t\t<span  class=\"elementor-icon elementor-animation-\">\n\t\t\t\t<svg aria-hidden=\"true\" class=\"e-font-icon-svg e-fas-mouse\" viewBox=\"0 0 384 512\" xmlns=\"http:\/\/www.w3.org\/2000\/svg\"><path d=\"M0 352a160 160 0 0 0 160 160h64a160 160 0 0 0 160-160V224H0zM176 0h-16A160 160 0 0 0 0 160v32h176zm48 0h-16v192h176v-32A160 160 0 0 0 224 0z\"><\/path><\/svg>\t\t\t\t<\/span>\n\t\t\t<\/div>\n\t\t\t\n\t\t\t\t\t\t<div class=\"elementor-icon-box-content\">\n\n\t\t\t\t\t\t\t\t\t<p class=\"elementor-icon-box-title\">\n\t\t\t\t\t\t<span  >\n\t\t\t\t\t\t\tScroll para ver m\u00e1s\t\t\t\t\t\t<\/span>\n\t\t\t\t\t<\/p>\n\t\t\t\t\n\t\t\t\t\n\t\t\t<\/div>\n\t\t\t\n\t\t<\/div>\n\t\t\t\t<\/div>\n\t\t\t\t<\/div>\n\t\t\t\t<\/div>\n\t\t<div class=\"elementor-element elementor-element-efd31c1 e-con-full e-flex e-con e-parent\" data-id=\"efd31c1\" data-element_type=\"container\" data-settings=\"{&quot;background_background&quot;:&quot;classic&quot;}\">\n\t\t\t\t<div class=\"elementor-element elementor-element-af2f890 elementor-grid-3 elementor-grid-tablet-2 elementor-grid-mobile-1 elementor-posts--thumbnail-top elementor-card-shadow-yes elementor-posts__hover-gradient load-more-align-center elementor-widget elementor-widget-posts\" data-id=\"af2f890\" data-element_type=\"widget\" data-settings=\"{&quot;cards_row_gap_mobile&quot;:{&quot;unit&quot;:&quot;px&quot;,&quot;size&quot;:10,&quot;sizes&quot;:[]},&quot;pagination_type&quot;:&quot;load_more_on_click&quot;,&quot;cards_columns&quot;:&quot;3&quot;,&quot;cards_columns_tablet&quot;:&quot;2&quot;,&quot;cards_columns_mobile&quot;:&quot;1&quot;,&quot;cards_row_gap&quot;:{&quot;unit&quot;:&quot;px&quot;,&quot;size&quot;:35,&quot;sizes&quot;:[]},&quot;cards_row_gap_tablet&quot;:{&quot;unit&quot;:&quot;px&quot;,&quot;size&quot;:&quot;&quot;,&quot;sizes&quot;:[]},&quot;load_more_spinner&quot;:{&quot;value&quot;:&quot;fas fa-spinner&quot;,&quot;library&quot;:&quot;fa-solid&quot;}}\" data-widget_type=\"posts.cards\">\n\t\t\t\t<div class=\"elementor-widget-container\">\n\t\t\t\t\t<div class=\"elementor-posts-container elementor-posts elementor-posts--skin-cards elementor-grid\">\n\t\t\t\t<article class=\"elementor-post elementor-grid-item post-664 post type-post status-publish format-standard has-post-thumbnail hentry category-nota-de-prensa tag-hugo-torres\">\n\t\t\t<div class=\"elementor-post__card\">\n\t\t\t\t<a class=\"elementor-post__thumbnail__link\" href=\"https:\/\/urbandnagroup.com\/prensa\/construcciones-de-triple-impacto-con-el-foco-en-lo-social-lo-economico-y-lo-ambiental\/\" tabindex=\"-1\" ><div class=\"elementor-post__thumbnail\"><img fetchpriority=\"high\" decoding=\"async\" width=\"693\" height=\"1024\" src=\"https:\/\/urbandnagroup.com\/prensa\/wp-content\/uploads\/2024\/10\/1-693x1024.webp\" class=\"attachment-large size-large wp-image-666\" alt=\"\" \/><\/div><\/a>\n\t\t\t\t<div class=\"elementor-post__text\">\n\t\t\t\t<h3 class=\"elementor-post__title\">\n\t\t\t<a href=\"https:\/\/urbandnagroup.com\/prensa\/construcciones-de-triple-impacto-con-el-foco-en-lo-social-lo-economico-y-lo-ambiental\/\" >\n\t\t\t\tConstrucciones de triple impacto: con el foco en lo social, lo econ\u00f3mico y lo ambiental\t\t\t<\/a>\n\t\t<\/h3>\n\t\t\t\t<div class=\"elementor-post__excerpt\">\n\t\t\t<p>Cada vez son m\u00e1s los nuevos proyectos arquitect\u00f3nicos que buscan que su dise\u00f1o sea moderno y funcional pero tambi\u00e9n que tenga un impacto positivo tanto en el medio ambiente como en las personas.<\/p>\n\t\t<\/div>\n\t\t\t\t\t<div class=\"elementor-post__read-more-wrapper\">\n\t\t\n\t\t<a class=\"elementor-post__read-more\" href=\"https:\/\/urbandnagroup.com\/prensa\/construcciones-de-triple-impacto-con-el-foco-en-lo-social-lo-economico-y-lo-ambiental\/\" aria-label=\"Read more about Construcciones de triple impacto: con el foco en lo social, lo econ\u00f3mico y lo ambiental\" tabindex=\"-1\" >\n\t\t\tLeer m\u00e1s \u00bb\t\t<\/a>\n\n\t\t\t\t\t<\/div>\n\t\t\t\t<\/div>\n\t\t\t\t<div class=\"elementor-post__meta-data\">\n\t\t\t\t\t<span class=\"elementor-post-date\">\n\t\t\t23 octubre, 2024\t\t<\/span>\n\t\t\t\t<\/div>\n\t\t\t\t\t<\/div>\n\t\t<\/article>\n\t\t\t\t<article class=\"elementor-post elementor-grid-item post-677 post type-post status-publish format-standard has-post-thumbnail hentry category-nota-de-prensa tag-walter-hufschmid\">\n\t\t\t<div class=\"elementor-post__card\">\n\t\t\t\t<a class=\"elementor-post__thumbnail__link\" href=\"https:\/\/urbandnagroup.com\/prensa\/innovacion-tecnologia-y-sociedad\/\" tabindex=\"-1\" ><div class=\"elementor-post__thumbnail\"><img decoding=\"async\" width=\"800\" height=\"450\" src=\"https:\/\/urbandnagroup.com\/prensa\/wp-content\/uploads\/2024\/10\/nota-innovacion-tecnologia-sociedad-1024x576.webp\" class=\"attachment-large size-large wp-image-678\" alt=\"\" srcset=\"https:\/\/urbandnagroup.com\/prensa\/wp-content\/uploads\/2024\/10\/nota-innovacion-tecnologia-sociedad-1024x576.webp 1024w, https:\/\/urbandnagroup.com\/prensa\/wp-content\/uploads\/2024\/10\/nota-innovacion-tecnologia-sociedad-300x169.webp 300w, https:\/\/urbandnagroup.com\/prensa\/wp-content\/uploads\/2024\/10\/nota-innovacion-tecnologia-sociedad-768x432.webp 768w, https:\/\/urbandnagroup.com\/prensa\/wp-content\/uploads\/2024\/10\/nota-innovacion-tecnologia-sociedad.webp 1280w\" sizes=\"(max-width: 800px) 100vw, 800px\" \/><\/div><\/a>\n\t\t\t\t<div class=\"elementor-post__text\">\n\t\t\t\t<h3 class=\"elementor-post__title\">\n\t\t\t<a href=\"https:\/\/urbandnagroup.com\/prensa\/innovacion-tecnologia-y-sociedad\/\" >\n\t\t\t\tInnovaci\u00f3n, tecnolog\u00eda y sociedad\t\t\t<\/a>\n\t\t<\/h3>\n\t\t\t\t<div class=\"elementor-post__excerpt\">\n\t\t\t<p>Con nuevas tendencias como los espacios compartidos y los entornos de vida adaptables ganando protagonismo, los arquitectos volver\u00e1n a adaptar\u00e1n su enfoque.<\/p>\n\t\t<\/div>\n\t\t\t\t\t<div class=\"elementor-post__read-more-wrapper\">\n\t\t\n\t\t<a class=\"elementor-post__read-more\" href=\"https:\/\/urbandnagroup.com\/prensa\/innovacion-tecnologia-y-sociedad\/\" aria-label=\"Read more about Innovaci\u00f3n, tecnolog\u00eda y sociedad\" tabindex=\"-1\" >\n\t\t\tLeer m\u00e1s \u00bb\t\t<\/a>\n\n\t\t\t\t\t<\/div>\n\t\t\t\t<\/div>\n\t\t\t\t<div class=\"elementor-post__meta-data\">\n\t\t\t\t\t<span class=\"elementor-post-date\">\n\t\t\t20 octubre, 2024\t\t<\/span>\n\t\t\t\t<\/div>\n\t\t\t\t\t<\/div>\n\t\t<\/article>\n\t\t\t\t<article class=\"elementor-post elementor-grid-item post-685 post type-post status-publish format-standard has-post-thumbnail hentry category-nota-de-prensa tag-paula-pastrano\">\n\t\t\t<div class=\"elementor-post__card\">\n\t\t\t\t<a class=\"elementor-post__thumbnail__link\" href=\"https:\/\/urbandnagroup.com\/prensa\/la-importancia-de-la-integracion-urbana-con-la-naturaleza\/\" tabindex=\"-1\" ><div class=\"elementor-post__thumbnail\"><img decoding=\"async\" width=\"800\" height=\"450\" src=\"https:\/\/urbandnagroup.com\/prensa\/wp-content\/uploads\/2024\/08\/nota-5-tendencias-en-arquitectura-y-diseno-sustentable.webp\" class=\"attachment-large size-large wp-image-633\" alt=\"\" srcset=\"https:\/\/urbandnagroup.com\/prensa\/wp-content\/uploads\/2024\/08\/nota-5-tendencias-en-arquitectura-y-diseno-sustentable.webp 950w, https:\/\/urbandnagroup.com\/prensa\/wp-content\/uploads\/2024\/08\/nota-5-tendencias-en-arquitectura-y-diseno-sustentable-300x169.webp 300w, https:\/\/urbandnagroup.com\/prensa\/wp-content\/uploads\/2024\/08\/nota-5-tendencias-en-arquitectura-y-diseno-sustentable-768x432.webp 768w\" sizes=\"(max-width: 800px) 100vw, 800px\" \/><\/div><\/a>\n\t\t\t\t<div class=\"elementor-post__text\">\n\t\t\t\t<h3 class=\"elementor-post__title\">\n\t\t\t<a href=\"https:\/\/urbandnagroup.com\/prensa\/la-importancia-de-la-integracion-urbana-con-la-naturaleza\/\" >\n\t\t\t\tLa importancia de la integraci\u00f3n urbana con la naturaleza\t\t\t<\/a>\n\t\t<\/h3>\n\t\t\t\t<div class=\"elementor-post__excerpt\">\n\t\t\t<p>La arquitectura biof\u00edlica es m\u00e1s que simplemente poner plantas en un edificio.<\/p>\n\t\t<\/div>\n\t\t\t\t\t<div class=\"elementor-post__read-more-wrapper\">\n\t\t\n\t\t<a class=\"elementor-post__read-more\" href=\"https:\/\/urbandnagroup.com\/prensa\/la-importancia-de-la-integracion-urbana-con-la-naturaleza\/\" aria-label=\"Read more about La importancia de la integraci\u00f3n urbana con la naturaleza\" tabindex=\"-1\" >\n\t\t\tLeer m\u00e1s \u00bb\t\t<\/a>\n\n\t\t\t\t\t<\/div>\n\t\t\t\t<\/div>\n\t\t\t\t<div class=\"elementor-post__meta-data\">\n\t\t\t\t\t<span class=\"elementor-post-date\">\n\t\t\t2 octubre, 2024\t\t<\/span>\n\t\t\t\t<\/div>\n\t\t\t\t\t<\/div>\n\t\t<\/article>\n\t\t\t\t<article class=\"elementor-post elementor-grid-item post-656 post type-post status-publish format-standard has-post-thumbnail hentry category-nota-de-prensa\">\n\t\t\t<div class=\"elementor-post__card\">\n\t\t\t\t<a class=\"elementor-post__thumbnail__link\" href=\"https:\/\/urbandnagroup.com\/prensa\/los-desafios-a-futuro-de-la-arquitectura-sostenible\/\" tabindex=\"-1\" ><div class=\"elementor-post__thumbnail\"><img loading=\"lazy\" decoding=\"async\" width=\"800\" height=\"450\" src=\"https:\/\/urbandnagroup.com\/prensa\/wp-content\/uploads\/2024\/09\/nota-desafios-a-futuro-arquitectura-sustentable-1024x576.webp\" class=\"attachment-large size-large wp-image-661\" alt=\"\" srcset=\"https:\/\/urbandnagroup.com\/prensa\/wp-content\/uploads\/2024\/09\/nota-desafios-a-futuro-arquitectura-sustentable-1024x576.webp 1024w, https:\/\/urbandnagroup.com\/prensa\/wp-content\/uploads\/2024\/09\/nota-desafios-a-futuro-arquitectura-sustentable-300x169.webp 300w, https:\/\/urbandnagroup.com\/prensa\/wp-content\/uploads\/2024\/09\/nota-desafios-a-futuro-arquitectura-sustentable-768x432.webp 768w, https:\/\/urbandnagroup.com\/prensa\/wp-content\/uploads\/2024\/09\/nota-desafios-a-futuro-arquitectura-sustentable.webp 1097w\" sizes=\"(max-width: 800px) 100vw, 800px\" \/><\/div><\/a>\n\t\t\t\t<div class=\"elementor-post__text\">\n\t\t\t\t<h3 class=\"elementor-post__title\">\n\t\t\t<a href=\"https:\/\/urbandnagroup.com\/prensa\/los-desafios-a-futuro-de-la-arquitectura-sostenible\/\" >\n\t\t\t\tLos desaf\u00edos a futuro de la arquitectura sostenible\t\t\t<\/a>\n\t\t<\/h3>\n\t\t\t\t<div class=\"elementor-post__excerpt\">\n\t\t\t<p>Las construcciones sustentables ya no son una opci\u00f3n sino una tendencia en la que avanzan la mayor\u00eda de estudios de arquitectura y dise\u00f1o.<\/p>\n\t\t<\/div>\n\t\t\t\t\t<div class=\"elementor-post__read-more-wrapper\">\n\t\t\n\t\t<a class=\"elementor-post__read-more\" href=\"https:\/\/urbandnagroup.com\/prensa\/los-desafios-a-futuro-de-la-arquitectura-sostenible\/\" aria-label=\"Read more about Los desaf\u00edos a futuro de la arquitectura sostenible\" tabindex=\"-1\" >\n\t\t\tLeer m\u00e1s \u00bb\t\t<\/a>\n\n\t\t\t\t\t<\/div>\n\t\t\t\t<\/div>\n\t\t\t\t<div class=\"elementor-post__meta-data\">\n\t\t\t\t\t<span class=\"elementor-post-date\">\n\t\t\t23 septiembre, 2024\t\t<\/span>\n\t\t\t\t<\/div>\n\t\t\t\t\t<\/div>\n\t\t<\/article>\n\t\t\t\t<article class=\"elementor-post elementor-grid-item post-645 post type-post status-publish format-standard has-post-thumbnail hentry category-nota-de-prensa\">\n\t\t\t<div class=\"elementor-post__card\">\n\t\t\t\t<a class=\"elementor-post__thumbnail__link\" href=\"https:\/\/urbandnagroup.com\/prensa\/como-desarrollar-un-proyecto-residencial-eco-smart-2\/\" tabindex=\"-1\" ><div class=\"elementor-post__thumbnail\"><img loading=\"lazy\" decoding=\"async\" width=\"800\" height=\"450\" src=\"https:\/\/urbandnagroup.com\/prensa\/wp-content\/uploads\/2024\/08\/nota-como-desarrollar-un-proyecto-residencial-1024x576.webp\" class=\"attachment-large size-large wp-image-646\" alt=\"\" srcset=\"https:\/\/urbandnagroup.com\/prensa\/wp-content\/uploads\/2024\/08\/nota-como-desarrollar-un-proyecto-residencial-1024x576.webp 1024w, https:\/\/urbandnagroup.com\/prensa\/wp-content\/uploads\/2024\/08\/nota-como-desarrollar-un-proyecto-residencial-300x169.webp 300w, https:\/\/urbandnagroup.com\/prensa\/wp-content\/uploads\/2024\/08\/nota-como-desarrollar-un-proyecto-residencial-768x432.webp 768w, https:\/\/urbandnagroup.com\/prensa\/wp-content\/uploads\/2024\/08\/nota-como-desarrollar-un-proyecto-residencial.webp 1280w\" sizes=\"(max-width: 800px) 100vw, 800px\" \/><\/div><\/a>\n\t\t\t\t<div class=\"elementor-post__text\">\n\t\t\t\t<h3 class=\"elementor-post__title\">\n\t\t\t<a href=\"https:\/\/urbandnagroup.com\/prensa\/como-desarrollar-un-proyecto-residencial-eco-smart-2\/\" >\n\t\t\t\tC\u00f3mo desarrollar un proyecto residencial Eco Smart\t\t\t<\/a>\n\t\t<\/h3>\n\t\t\t\t<div class=\"elementor-post__excerpt\">\n\t\t\t<p>En el mes del Medio Ambiente, es vital reflexionar sobre la importancia de avanzar hacia construcciones amigables con el planeta.<\/p>\n\t\t<\/div>\n\t\t\t\t\t<div class=\"elementor-post__read-more-wrapper\">\n\t\t\n\t\t<a class=\"elementor-post__read-more\" href=\"https:\/\/urbandnagroup.com\/prensa\/como-desarrollar-un-proyecto-residencial-eco-smart-2\/\" aria-label=\"Read more about C\u00f3mo desarrollar un proyecto residencial Eco Smart\" tabindex=\"-1\" >\n\t\t\tLeer m\u00e1s \u00bb\t\t<\/a>\n\n\t\t\t\t\t<\/div>\n\t\t\t\t<\/div>\n\t\t\t\t<div class=\"elementor-post__meta-data\">\n\t\t\t\t\t<span class=\"elementor-post-date\">\n\t\t\t16 agosto, 2024\t\t<\/span>\n\t\t\t\t<\/div>\n\t\t\t\t\t<\/div>\n\t\t<\/article>\n\t\t\t\t<article class=\"elementor-post elementor-grid-item post-641 post type-post status-publish format-standard has-post-thumbnail hentry category-nota-de-prensa\">\n\t\t\t<div class=\"elementor-post__card\">\n\t\t\t\t<a class=\"elementor-post__thumbnail__link\" href=\"https:\/\/urbandnagroup.com\/prensa\/5-rasgos-clave-que-debe-poseer-un-inversor-serio\/\" tabindex=\"-1\" ><div class=\"elementor-post__thumbnail\"><img loading=\"lazy\" decoding=\"async\" width=\"800\" height=\"450\" src=\"https:\/\/urbandnagroup.com\/prensa\/wp-content\/uploads\/2024\/08\/nota-5-rasgos-claves-que-debe-poseer-un-inversor.webp\" class=\"attachment-large size-large wp-image-642\" alt=\"\" srcset=\"https:\/\/urbandnagroup.com\/prensa\/wp-content\/uploads\/2024\/08\/nota-5-rasgos-claves-que-debe-poseer-un-inversor.webp 950w, https:\/\/urbandnagroup.com\/prensa\/wp-content\/uploads\/2024\/08\/nota-5-rasgos-claves-que-debe-poseer-un-inversor-300x169.webp 300w, https:\/\/urbandnagroup.com\/prensa\/wp-content\/uploads\/2024\/08\/nota-5-rasgos-claves-que-debe-poseer-un-inversor-768x432.webp 768w\" sizes=\"(max-width: 800px) 100vw, 800px\" \/><\/div><\/a>\n\t\t\t\t<div class=\"elementor-post__text\">\n\t\t\t\t<h3 class=\"elementor-post__title\">\n\t\t\t<a href=\"https:\/\/urbandnagroup.com\/prensa\/5-rasgos-clave-que-debe-poseer-un-inversor-serio\/\" >\n\t\t\t\t5 rasgos clave que debe poseer un inversor serio\t\t\t<\/a>\n\t\t<\/h3>\n\t\t\t\t<div class=\"elementor-post__excerpt\">\n\t\t\t<p>No basta s\u00f3lo con conocer los instrumentos financieros y sus posibles retornos y riesgos, sino que hay que ser estrictos al momento de operar y seguir reglas claras.<\/p>\n\t\t<\/div>\n\t\t\t\t\t<div class=\"elementor-post__read-more-wrapper\">\n\t\t\n\t\t<a class=\"elementor-post__read-more\" href=\"https:\/\/urbandnagroup.com\/prensa\/5-rasgos-clave-que-debe-poseer-un-inversor-serio\/\" aria-label=\"Read more about 5 rasgos clave que debe poseer un inversor serio\" tabindex=\"-1\" >\n\t\t\tLeer m\u00e1s \u00bb\t\t<\/a>\n\n\t\t\t\t\t<\/div>\n\t\t\t\t<\/div>\n\t\t\t\t<div class=\"elementor-post__meta-data\">\n\t\t\t\t\t<span class=\"elementor-post-date\">\n\t\t\t16 agosto, 2024\t\t<\/span>\n\t\t\t\t<\/div>\n\t\t\t\t\t<\/div>\n\t\t<\/article>\n\t\t\t\t<article class=\"elementor-post elementor-grid-item post-638 post type-post status-publish format-standard has-post-thumbnail hentry category-nota-de-prensa\">\n\t\t\t<div class=\"elementor-post__card\">\n\t\t\t\t<a class=\"elementor-post__thumbnail__link\" href=\"https:\/\/urbandnagroup.com\/prensa\/que-son-los-edificios-inteligentes-smart-buildings\/\" tabindex=\"-1\" ><div class=\"elementor-post__thumbnail\"><img loading=\"lazy\" decoding=\"async\" width=\"800\" height=\"431\" src=\"https:\/\/urbandnagroup.com\/prensa\/wp-content\/uploads\/2024\/08\/nota-que-son-los-edificios-inteligentes.webp\" class=\"attachment-large size-large wp-image-639\" alt=\"\" srcset=\"https:\/\/urbandnagroup.com\/prensa\/wp-content\/uploads\/2024\/08\/nota-que-son-los-edificios-inteligentes.webp 950w, https:\/\/urbandnagroup.com\/prensa\/wp-content\/uploads\/2024\/08\/nota-que-son-los-edificios-inteligentes-300x162.webp 300w, https:\/\/urbandnagroup.com\/prensa\/wp-content\/uploads\/2024\/08\/nota-que-son-los-edificios-inteligentes-768x414.webp 768w\" sizes=\"(max-width: 800px) 100vw, 800px\" \/><\/div><\/a>\n\t\t\t\t<div class=\"elementor-post__text\">\n\t\t\t\t<h3 class=\"elementor-post__title\">\n\t\t\t<a href=\"https:\/\/urbandnagroup.com\/prensa\/que-son-los-edificios-inteligentes-smart-buildings\/\" >\n\t\t\t\tQu\u00e9 son los edificios inteligentes (\u201csmart buildings\u201d)\t\t\t<\/a>\n\t\t<\/h3>\n\t\t\t\t<div class=\"elementor-post__excerpt\">\n\t\t\t<p>Nuestro entorno demanda un mejor lugar para vivir y la arquitectura sustentable busca resolver estas cuestiones.<\/p>\n\t\t<\/div>\n\t\t\t\t\t<div class=\"elementor-post__read-more-wrapper\">\n\t\t\n\t\t<a class=\"elementor-post__read-more\" href=\"https:\/\/urbandnagroup.com\/prensa\/que-son-los-edificios-inteligentes-smart-buildings\/\" aria-label=\"Read more about Qu\u00e9 son los edificios inteligentes (\u201csmart buildings\u201d)\" tabindex=\"-1\" >\n\t\t\tLeer m\u00e1s \u00bb\t\t<\/a>\n\n\t\t\t\t\t<\/div>\n\t\t\t\t<\/div>\n\t\t\t\t<div class=\"elementor-post__meta-data\">\n\t\t\t\t\t<span class=\"elementor-post-date\">\n\t\t\t16 agosto, 2024\t\t<\/span>\n\t\t\t\t<\/div>\n\t\t\t\t\t<\/div>\n\t\t<\/article>\n\t\t\t\t<article class=\"elementor-post elementor-grid-item post-635 post type-post status-publish format-standard has-post-thumbnail hentry category-nota-de-prensa\">\n\t\t\t<div class=\"elementor-post__card\">\n\t\t\t\t<a class=\"elementor-post__thumbnail__link\" href=\"https:\/\/urbandnagroup.com\/prensa\/construccion-sostenible-como-mejorar-la-relacion-entre-la-industria-y-el-cambio-climatico\/\" tabindex=\"-1\" ><div class=\"elementor-post__thumbnail\"><img loading=\"lazy\" decoding=\"async\" width=\"800\" height=\"450\" src=\"https:\/\/urbandnagroup.com\/prensa\/wp-content\/uploads\/2024\/08\/nota-contruccion-sostenible-1024x576.webp\" class=\"attachment-large size-large wp-image-636\" alt=\"\" srcset=\"https:\/\/urbandnagroup.com\/prensa\/wp-content\/uploads\/2024\/08\/nota-contruccion-sostenible-1024x576.webp 1024w, https:\/\/urbandnagroup.com\/prensa\/wp-content\/uploads\/2024\/08\/nota-contruccion-sostenible-300x169.webp 300w, https:\/\/urbandnagroup.com\/prensa\/wp-content\/uploads\/2024\/08\/nota-contruccion-sostenible-768x432.webp 768w, https:\/\/urbandnagroup.com\/prensa\/wp-content\/uploads\/2024\/08\/nota-contruccion-sostenible.webp 1280w\" sizes=\"(max-width: 800px) 100vw, 800px\" \/><\/div><\/a>\n\t\t\t\t<div class=\"elementor-post__text\">\n\t\t\t\t<h3 class=\"elementor-post__title\">\n\t\t\t<a href=\"https:\/\/urbandnagroup.com\/prensa\/construccion-sostenible-como-mejorar-la-relacion-entre-la-industria-y-el-cambio-climatico\/\" >\n\t\t\t\tConstrucci\u00f3n sostenible: c\u00f3mo mejorar la relaci\u00f3n entre la industria y el cambio clim\u00e1tico\t\t\t<\/a>\n\t\t<\/h3>\n\t\t\t\t<div class=\"elementor-post__excerpt\">\n\t\t\t<p>La sustentabilidad tiene que ser un tema central en todas las \u00e1reas de desarrollo y el compromiso debe ser transversal.<\/p>\n\t\t<\/div>\n\t\t\t\t\t<div class=\"elementor-post__read-more-wrapper\">\n\t\t\n\t\t<a class=\"elementor-post__read-more\" href=\"https:\/\/urbandnagroup.com\/prensa\/construccion-sostenible-como-mejorar-la-relacion-entre-la-industria-y-el-cambio-climatico\/\" aria-label=\"Read more about Construcci\u00f3n sostenible: c\u00f3mo mejorar la relaci\u00f3n entre la industria y el cambio clim\u00e1tico\" tabindex=\"-1\" >\n\t\t\tLeer m\u00e1s \u00bb\t\t<\/a>\n\n\t\t\t\t\t<\/div>\n\t\t\t\t<\/div>\n\t\t\t\t<div class=\"elementor-post__meta-data\">\n\t\t\t\t\t<span class=\"elementor-post-date\">\n\t\t\t16 agosto, 2024\t\t<\/span>\n\t\t\t\t<\/div>\n\t\t\t\t\t<\/div>\n\t\t<\/article>\n\t\t\t\t<article class=\"elementor-post elementor-grid-item post-629 post type-post status-publish format-standard has-post-thumbnail hentry category-nota-de-prensa\">\n\t\t\t<div class=\"elementor-post__card\">\n\t\t\t\t<a class=\"elementor-post__thumbnail__link\" href=\"https:\/\/urbandnagroup.com\/prensa\/5-tendencias-en-arquitectura-y-diseno-sustentable\/\" tabindex=\"-1\" ><div class=\"elementor-post__thumbnail\"><img decoding=\"async\" width=\"800\" height=\"450\" src=\"https:\/\/urbandnagroup.com\/prensa\/wp-content\/uploads\/2024\/08\/nota-5-tendencias-en-arquitectura-y-diseno-sustentable.webp\" class=\"attachment-large size-large wp-image-633\" alt=\"\" srcset=\"https:\/\/urbandnagroup.com\/prensa\/wp-content\/uploads\/2024\/08\/nota-5-tendencias-en-arquitectura-y-diseno-sustentable.webp 950w, https:\/\/urbandnagroup.com\/prensa\/wp-content\/uploads\/2024\/08\/nota-5-tendencias-en-arquitectura-y-diseno-sustentable-300x169.webp 300w, https:\/\/urbandnagroup.com\/prensa\/wp-content\/uploads\/2024\/08\/nota-5-tendencias-en-arquitectura-y-diseno-sustentable-768x432.webp 768w\" sizes=\"(max-width: 800px) 100vw, 800px\" \/><\/div><\/a>\n\t\t\t\t<div class=\"elementor-post__text\">\n\t\t\t\t<h3 class=\"elementor-post__title\">\n\t\t\t<a href=\"https:\/\/urbandnagroup.com\/prensa\/5-tendencias-en-arquitectura-y-diseno-sustentable\/\" >\n\t\t\t\t5 tendencias en arquitectura y dise\u00f1o sustentable\t\t\t<\/a>\n\t\t<\/h3>\n\t\t\t\t<div class=\"elementor-post__excerpt\">\n\t\t\t<p>Las construcciones sustentables ya no son una opci\u00f3n sino una tendencia en la que avanzan la mayor\u00eda de estudios de arquitectura y dise\u00f1o.<\/p>\n\t\t<\/div>\n\t\t\t\t\t<div class=\"elementor-post__read-more-wrapper\">\n\t\t\n\t\t<a class=\"elementor-post__read-more\" href=\"https:\/\/urbandnagroup.com\/prensa\/5-tendencias-en-arquitectura-y-diseno-sustentable\/\" aria-label=\"Read more about 5 tendencias en arquitectura y dise\u00f1o sustentable\" tabindex=\"-1\" >\n\t\t\tLeer m\u00e1s \u00bb\t\t<\/a>\n\n\t\t\t\t\t<\/div>\n\t\t\t\t<\/div>\n\t\t\t\t<div class=\"elementor-post__meta-data\">\n\t\t\t\t\t<span class=\"elementor-post-date\">\n\t\t\t16 agosto, 2024\t\t<\/span>\n\t\t\t\t<\/div>\n\t\t\t\t\t<\/div>\n\t\t<\/article>\n\t\t\t\t<article class=\"elementor-post elementor-grid-item post-625 post type-post status-publish format-standard has-post-thumbnail hentry category-nota-de-prensa\">\n\t\t\t<div class=\"elementor-post__card\">\n\t\t\t\t<a class=\"elementor-post__thumbnail__link\" href=\"https:\/\/urbandnagroup.com\/prensa\/el-cuidado-del-agua-prioridad-en-los-edificios-inteligentes-y-sustentables\/\" tabindex=\"-1\" ><div class=\"elementor-post__thumbnail\"><img loading=\"lazy\" decoding=\"async\" width=\"800\" height=\"450\" src=\"https:\/\/urbandnagroup.com\/prensa\/wp-content\/uploads\/2024\/08\/nota-el-cuidado-del-agua.webp\" class=\"attachment-large size-large wp-image-626\" alt=\"\" srcset=\"https:\/\/urbandnagroup.com\/prensa\/wp-content\/uploads\/2024\/08\/nota-el-cuidado-del-agua.webp 950w, https:\/\/urbandnagroup.com\/prensa\/wp-content\/uploads\/2024\/08\/nota-el-cuidado-del-agua-300x169.webp 300w, https:\/\/urbandnagroup.com\/prensa\/wp-content\/uploads\/2024\/08\/nota-el-cuidado-del-agua-768x432.webp 768w\" sizes=\"(max-width: 800px) 100vw, 800px\" \/><\/div><\/a>\n\t\t\t\t<div class=\"elementor-post__text\">\n\t\t\t\t<h3 class=\"elementor-post__title\">\n\t\t\t<a href=\"https:\/\/urbandnagroup.com\/prensa\/el-cuidado-del-agua-prioridad-en-los-edificios-inteligentes-y-sustentables\/\" >\n\t\t\t\tEl cuidado del agua: prioridad en los edificios inteligentes y sustentables\t\t\t<\/a>\n\t\t<\/h3>\n\t\t\t\t<div class=\"elementor-post__excerpt\">\n\t\t\t<p>La construcci\u00f3n tiene un rol clave en este desaf\u00edo, pudiendo implementar soluciones innovadoras para reducir el consumo.<\/p>\n\t\t<\/div>\n\t\t\t\t\t<div class=\"elementor-post__read-more-wrapper\">\n\t\t\n\t\t<a class=\"elementor-post__read-more\" href=\"https:\/\/urbandnagroup.com\/prensa\/el-cuidado-del-agua-prioridad-en-los-edificios-inteligentes-y-sustentables\/\" aria-label=\"Read more about El cuidado del agua: prioridad en los edificios inteligentes y sustentables\" tabindex=\"-1\" >\n\t\t\tLeer m\u00e1s \u00bb\t\t<\/a>\n\n\t\t\t\t\t<\/div>\n\t\t\t\t<\/div>\n\t\t\t\t<div class=\"elementor-post__meta-data\">\n\t\t\t\t\t<span class=\"elementor-post-date\">\n\t\t\t16 agosto, 2024\t\t<\/span>\n\t\t\t\t<\/div>\n\t\t\t\t\t<\/div>\n\t\t<\/article>\n\t\t\t\t<article class=\"elementor-post elementor-grid-item post-622 post type-post status-publish format-standard has-post-thumbnail hentry category-nota-de-prensa tag-paula-pastrano\">\n\t\t\t<div class=\"elementor-post__card\">\n\t\t\t\t<a class=\"elementor-post__thumbnail__link\" href=\"https:\/\/urbandnagroup.com\/prensa\/que-es-la-arquitectura-biofilica\/\" tabindex=\"-1\" ><div class=\"elementor-post__thumbnail\"><img loading=\"lazy\" decoding=\"async\" width=\"800\" height=\"435\" src=\"https:\/\/urbandnagroup.com\/prensa\/wp-content\/uploads\/2024\/08\/nota-que-es-la-arquitectura-biofilica-1024x557.webp\" class=\"attachment-large size-large wp-image-623\" alt=\"\" srcset=\"https:\/\/urbandnagroup.com\/prensa\/wp-content\/uploads\/2024\/08\/nota-que-es-la-arquitectura-biofilica-1024x557.webp 1024w, https:\/\/urbandnagroup.com\/prensa\/wp-content\/uploads\/2024\/08\/nota-que-es-la-arquitectura-biofilica-300x163.webp 300w, https:\/\/urbandnagroup.com\/prensa\/wp-content\/uploads\/2024\/08\/nota-que-es-la-arquitectura-biofilica-768x418.webp 768w, https:\/\/urbandnagroup.com\/prensa\/wp-content\/uploads\/2024\/08\/nota-que-es-la-arquitectura-biofilica.webp 1360w\" sizes=\"(max-width: 800px) 100vw, 800px\" \/><\/div><\/a>\n\t\t\t\t<div class=\"elementor-post__text\">\n\t\t\t\t<h3 class=\"elementor-post__title\">\n\t\t\t<a href=\"https:\/\/urbandnagroup.com\/prensa\/que-es-la-arquitectura-biofilica\/\" >\n\t\t\t\t\u00bfQu\u00e9 es la arquitectura biof\u00edlica?\t\t\t<\/a>\n\t\t<\/h3>\n\t\t\t\t<div class=\"elementor-post__excerpt\">\n\t\t\t<p>La arquitectura biof\u00edlica es m\u00e1s que simplemente poner plantas en un edificio.<\/p>\n\t\t<\/div>\n\t\t\t\t\t<div class=\"elementor-post__read-more-wrapper\">\n\t\t\n\t\t<a class=\"elementor-post__read-more\" href=\"https:\/\/urbandnagroup.com\/prensa\/que-es-la-arquitectura-biofilica\/\" aria-label=\"Read more about \u00bfQu\u00e9 es la arquitectura biof\u00edlica?\" tabindex=\"-1\" >\n\t\t\tLeer m\u00e1s \u00bb\t\t<\/a>\n\n\t\t\t\t\t<\/div>\n\t\t\t\t<\/div>\n\t\t\t\t<div class=\"elementor-post__meta-data\">\n\t\t\t\t\t<span class=\"elementor-post-date\">\n\t\t\t15 agosto, 2024\t\t<\/span>\n\t\t\t\t<\/div>\n\t\t\t\t\t<\/div>\n\t\t<\/article>\n\t\t\t\t<article class=\"elementor-post elementor-grid-item post-619 post type-post status-publish format-standard has-post-thumbnail hentry category-nota-de-prensa\">\n\t\t\t<div class=\"elementor-post__card\">\n\t\t\t\t<a class=\"elementor-post__thumbnail__link\" href=\"https:\/\/urbandnagroup.com\/prensa\/liderar-en-tiempos-de-incertidumbre\/\" tabindex=\"-1\" ><div class=\"elementor-post__thumbnail\"><img loading=\"lazy\" decoding=\"async\" width=\"800\" height=\"431\" src=\"https:\/\/urbandnagroup.com\/prensa\/wp-content\/uploads\/2024\/08\/nota-liderar-en-tiempos-de-incertidumbre.webp\" class=\"attachment-large size-large wp-image-620\" alt=\"\" srcset=\"https:\/\/urbandnagroup.com\/prensa\/wp-content\/uploads\/2024\/08\/nota-liderar-en-tiempos-de-incertidumbre.webp 950w, https:\/\/urbandnagroup.com\/prensa\/wp-content\/uploads\/2024\/08\/nota-liderar-en-tiempos-de-incertidumbre-300x162.webp 300w, https:\/\/urbandnagroup.com\/prensa\/wp-content\/uploads\/2024\/08\/nota-liderar-en-tiempos-de-incertidumbre-768x414.webp 768w\" sizes=\"(max-width: 800px) 100vw, 800px\" \/><\/div><\/a>\n\t\t\t\t<div class=\"elementor-post__text\">\n\t\t\t\t<h3 class=\"elementor-post__title\">\n\t\t\t<a href=\"https:\/\/urbandnagroup.com\/prensa\/liderar-en-tiempos-de-incertidumbre\/\" >\n\t\t\t\tLiderar en tiempos de incertidumbre\t\t\t<\/a>\n\t\t<\/h3>\n\t\t\t\t<div class=\"elementor-post__excerpt\">\n\t\t\t<p>Las crisis, m\u00e1s all\u00e1 de ser situaciones desafiantes, representan verdaderos llamados al cambio.<\/p>\n\t\t<\/div>\n\t\t\t\t\t<div class=\"elementor-post__read-more-wrapper\">\n\t\t\n\t\t<a class=\"elementor-post__read-more\" href=\"https:\/\/urbandnagroup.com\/prensa\/liderar-en-tiempos-de-incertidumbre\/\" aria-label=\"Read more about Liderar en tiempos de incertidumbre\" tabindex=\"-1\" >\n\t\t\tLeer m\u00e1s \u00bb\t\t<\/a>\n\n\t\t\t\t\t<\/div>\n\t\t\t\t<\/div>\n\t\t\t\t<div class=\"elementor-post__meta-data\">\n\t\t\t\t\t<span class=\"elementor-post-date\">\n\t\t\t15 agosto, 2024\t\t<\/span>\n\t\t\t\t<\/div>\n\t\t\t\t\t<\/div>\n\t\t<\/article>\n\t\t\t\t<\/div>\n\t\t\t\t\t<span class=\"e-load-more-spinner\">\n\t\t\t\t<svg aria-hidden=\"true\" class=\"e-font-icon-svg e-fas-spinner\" viewBox=\"0 0 512 512\" xmlns=\"http:\/\/www.w3.org\/2000\/svg\"><path d=\"M304 48c0 26.51-21.49 48-48 48s-48-21.49-48-48 21.49-48 48-48 48 21.49 48 48zm-48 368c-26.51 0-48 21.49-48 48s21.49 48 48 48 48-21.49 48-48-21.49-48-48-48zm208-208c-26.51 0-48 21.49-48 48s21.49 48 48 48 48-21.49 48-48-21.49-48-48-48zM96 256c0-26.51-21.49-48-48-48S0 229.49 0 256s21.49 48 48 48 48-21.49 48-48zm12.922 99.078c-26.51 0-48 21.49-48 48s21.49 48 48 48 48-21.49 48-48c0-26.509-21.491-48-48-48zm294.156 0c-26.51 0-48 21.49-48 48s21.49 48 48 48 48-21.49 48-48c0-26.509-21.49-48-48-48zM108.922 60.922c-26.51 0-48 21.49-48 48s21.49 48 48 48 48-21.49 48-48-21.491-48-48-48z\"><\/path><\/svg>\t\t\t<\/span>\n\t\t\n\t\t\t\t<div class=\"e-load-more-anchor\" data-page=\"1\" data-max-page=\"3\" data-next-page=\"https:\/\/urbandnagroup.com\/prensa\/wp-json\/wp\/v2\/pages\/9\/page\/2\/\"><\/div>\n\t\t\t\t<div class=\"elementor-button-wrapper\">\n\t\t\t<a href=\"#\" class=\"elementor-button-link elementor-button\" role=\"button\">\n\t\t\t\t\t\t<span class=\"elementor-button-content-wrapper\">\n\t\t\t\t\t\t\t\t\t<span class=\"elementor-button-text\">Ver M\u00e1s<\/span>\n\t\t\t\t\t<\/span>\n\t\t\t\t\t<\/a>\n\t\t<\/div>\n\t\t\t\t<div class=\"e-load-more-message\"><\/div>\n\t\t\t\t<\/div>\n\t\t\t\t<\/div>\n\t\t\t\t<\/div>\n\t\t<div class=\"elementor-element elementor-element-d958812 e-con-full e-flex e-con e-parent\" data-id=\"d958812\" data-element_type=\"container\" data-settings=\"{&quot;background_background&quot;:&quot;classic&quot;}\">\n\t\t\t\t<div class=\"elementor-element elementor-element-13b0aed elementor-widget elementor-widget-heading\" data-id=\"13b0aed\" data-element_type=\"widget\" data-widget_type=\"heading.default\">\n\t\t\t\t<div class=\"elementor-widget-container\">\n\t\t\t<h2 class=\"elementor-heading-title elementor-size-default\">Ponemos las ideas en acci\u00f3n<span style=\"color:#d4b16d\">.<\/span><\/h2>\t\t<\/div>\n\t\t\t\t<\/div>\n\t\t\t\t<div class=\"elementor-element elementor-element-d3131f8 elementor-align-center elementor-mobile-align-center elementor-widget__width-initial elementor-widget elementor-widget-button\" data-id=\"d3131f8\" data-element_type=\"widget\" data-widget_type=\"button.default\">\n\t\t\t\t<div class=\"elementor-widget-container\">\n\t\t\t\t\t\t\t<div class=\"elementor-button-wrapper\">\n\t\t\t\t\t<a class=\"elementor-button elementor-button-link elementor-size-sm\" href=\"https:\/\/urbandnagroup.com\/contacto.html\">\n\t\t\t\t\t\t<span class=\"elementor-button-content-wrapper\">\n\t\t\t\t\t\t\t\t\t<span class=\"elementor-button-text\">CONTACTANOS<\/span>\n\t\t\t\t\t<\/span>\n\t\t\t\t\t<\/a>\n\t\t\t\t<\/div>\n\t\t\t\t\t\t<\/div>\n\t\t\t\t<\/div>\n\t\t\t\t<div class=\"elementor-element elementor-element-8aa256b elementor-widget elementor-widget-image\" data-id=\"8aa256b\" data-element_type=\"widget\" data-widget_type=\"image.default\">\n\t\t\t\t<div class=\"elementor-widget-container\">\n\t\t\t\t\t\t\t\t\t\t\t\t\t<img loading=\"lazy\" decoding=\"async\" width=\"800\" height=\"726\" src=\"https:\/\/urbandnagroup.com\/prensa\/wp-content\/uploads\/2024\/07\/logo-full-urban-dna-group.svg\" class=\"attachment-large size-large wp-image-435\" alt=\"\" \/>\t\t\t\t\t\t\t\t\t\t\t\t\t<\/div>\n\t\t\t\t<\/div>\n\t\t\t\t<\/div>\n\t\t\t\t<\/div>\n\t\t","protected":false},"excerpt":{"rendered":"<p>PRENSA Scroll para ver m\u00e1s Ponemos las ideas en acci\u00f3n. CONTACTANOS<\/p>\n","protected":false},"author":2,"featured_media":0,"parent":0,"menu_order":0,"comment_status":"closed","ping_status":"closed","template":"elementor_header_footer","meta":{"_acf_changed":false,"footnotes":""},"class_list":["post-9","page","type-page","status-publish","hentry"],"acf":[],"_links":{"self":[{"href":"https:\/\/urbandnagroup.com\/prensa\/wp-json\/wp\/v2\/pages\/9","targetHints":{"allow":["GET"]}}],"collection":[{"href":"https:\/\/urbandnagroup.com\/prensa\/wp-json\/wp\/v2\/pages"}],"about":[{"href":"https:\/\/urbandnagroup.com\/prensa\/wp-json\/wp\/v2\/types\/page"}],"author":[{"embeddable":true,"href":"https:\/\/urbandnagroup.com\/prensa\/wp-json\/wp\/v2\/users\/2"}],"replies":[{"embeddable":true,"href":"https:\/\/urbandnagroup.com\/prensa\/wp-json\/wp\/v2\/comments?post=9"}],"version-history":[{"count":197,"href":"https:\/\/urbandnagroup.com\/prensa\/wp-json\/wp\/v2\/pages\/9\/revisions"}],"predecessor-version":[{"id":632,"href":"https:\/\/urbandnagroup.com\/prensa\/wp-json\/wp\/v2\/pages\/9\/revisions\/632"}],"wp:attachment":[{"href":"https:\/\/urbandnagroup.com\/prensa\/wp-json\/wp\/v2\/media?parent=9"}],"curies":[{"name":"wp","href":"https:\/\/api.w.org\/{rel}","templated":true}]}}